{"id":2202,"date":"2018-10-26T14:47:22","date_gmt":"2018-10-26T14:47:22","guid":{"rendered":"http:\/\/grupoanimacion.upv.es\/elcinedeperezarroyo\/?page_id=2202"},"modified":"2020-06-19T12:29:14","modified_gmt":"2020-06-19T12:29:14","slug":"35-mm","status":"publish","type":"page","link":"https:\/\/grupoanimacion.webs.upv.es\/elcinedeperezarroyo\/35-mm\/","title":{"rendered":"35 mm"},"content":{"rendered":"<div class=\"wpb-content-wrapper\"><p>[vc_row][vc_column][vc_custom_heading source=&#8221;post_title&#8221; font_container=&#8221;tag:h2|font_size:100|text_align:center&#8221; google_fonts=&#8221;font_family:Playfair%20Display%3Aregular%2Citalic%2C700%2C700italic%2C900%2C900italic|font_style:900%20bold%20regular%3A900%3Anormal&#8221; css_animation=&#8221;fadeInUp&#8221; css=&#8221;.vc_custom_1540546668914{padding-top: 10% !important;padding-bottom: 10% !important;}&#8221;][\/vc_column][\/vc_row][vc_row el_class=&#8221;responsive-banner-home1&#8243;][vc_column width=&#8221;1\/2&#8243; css=&#8221;.vc_custom_1540634863109{padding-top: 20% !important;}&#8221;][vc_custom_heading heading_style=&#8221;heading_style_1&#8243; text=&#8221;P\u00e9rez Arroyo en la<br \/>\ngran pantalla&#8221; use_theme_fonts=&#8221;yes&#8221; css=&#8221;.vc_custom_1540635274049{padding-left: 15% !important;}&#8221;][vc_row_inner el_class=&#8221;banner-home-1-2&#8243;][vc_column_inner][vc_single_image image=&#8221;2204&#8243; img_size=&#8221;large&#8221; css=&#8221;.vc_custom_1550771093428{padding-top: 20% !important;}&#8221;][vc_custom_heading heading_style=&#8221;heading_style_2&#8243; text=&#8221;Portada de la &#8220;Memoria de producci\u00f3n&#8220; (Joaqu\u00edn P\u00e9rez Arroyo, 1944)&#8221; font_container=&#8221;tag:h6|text_align:right|color:%23000000&#8243; google_fonts=&#8221;font_family:Lato%3A100%2C100italic%2C300%2C300italic%2Cregular%2Citalic%2C700%2C700italic%2C900%2C900italic|font_style:300%20light%20regular%3A300%3Anormal&#8221;][\/vc_column_inner][\/vc_row_inner][\/vc_column][vc_column width=&#8221;1\/2&#8243; css=&#8221;.vc_custom_1540635228793{padding-top: 60% !important;}&#8221;][vc_column_text css=&#8221;.vc_custom_1592569749353{padding-right: 15% !important;}&#8221;]La andadura cinematogr\u00e1fica del clan P\u00e9rez Arroyo para la gran pantalla se inici\u00f3 una vez acabada la Guerra Civil, en formato corto animado y abarcando piezas documentales (2), anuncios publicitarios (3) y cortometrajes (9). Lamentablemente, y en l\u00ednea con el resto de pel\u00edculas con soporte de nitrato, de toda esta producci\u00f3n tan solo han sobrevivido unos pocos ejemplos \u2014tres cortometrajes, fragmentos de alg\u00fan otro, una pieza documental y un anuncio\u2014 conservadas en distintas filmotecas. Metraje que recuperamos en esta secci\u00f3n articulada en torno a las distintas productoras para las que trabaj\u00f3 la familia.<\/p>\n<p>No cabe duda de que P\u00e9rez Arroyo, como muchos otros dibujantes de la edad de oro de la animaci\u00f3n espa\u00f1ola, empez\u00f3 en el dibujo animado aprovechando la coyuntura que a partir de 1941 propici\u00f3 la pol\u00edtica proteccionista y aut\u00e1rquica del R\u00e9gimen establecida tras la guerra a trav\u00e9s de varias \u00f3rdenes ministeriales. Nos referimos, por un lado, a la Orden del Ministerio de Industria y Comercio del 11 de noviembre de 1941 sobre la protecci\u00f3n del Estado a la Industria Cinematogr\u00e1fica y a la concesi\u00f3n del Cr\u00e9dito Sindical (del espect\u00e1culo) para la misma \u2014hasta de un 40 %, si era clasificada como de 1\u00aa A, en condiciones ventajosas\u2014. As\u00ed como a la Orden Ministerial del 18 de marzo de 1943 que establec\u00eda beneficios de importaci\u00f3n para aquellos productores de pel\u00edculas espa\u00f1olas \u2014era la exhibici\u00f3n de pel\u00edculas extranjeras en Espa\u00f1a la que generaba el verdadero r\u00e9dito a los productores\u2014. Siendo ambas \u00d3rdenes de sobra conocidas por P\u00e9rez Arroyo, como declara en su <em>Memoria de producci\u00f3n<\/em> de septiembre de 1944.\u00a0 A estas habr\u00edamos de a\u00f1adir la Orden del 10 de diciembre de 1941 que estipulaba la obligatoriedad de exhibir cortometrajes espa\u00f1oles en todas la sesiones, as\u00ed como la instauraci\u00f3n de los premios anuales del Sindicato Nacional del Espect\u00e1culo.<\/p>\n<p>Pero, por otro lado, el mismo R\u00e9gimen que alentaba la producci\u00f3n propia, contradictoriamente, impon\u00eda la obligatoriedad del No-Do, a partir de enero de 1943, ocupando parte del lugar natural del metraje corto y anunciando el inicio del fin de la explotaci\u00f3n comercial de este formato. Es por ello que el grueso de la obra de ficci\u00f3n de P\u00e9rez Arroyo en 35 mm se circunscribe solo a los a\u00f1os 1942-1944.[\/vc_column_text][vc_row_inner el_class=&#8221;banner-home-1-2&#8243;][vc_column_inner width=&#8221;2\/6&#8243;][\/vc_column_inner][vc_column_inner width=&#8221;4\/6&#8243;][\/vc_column_inner][\/vc_row_inner][\/vc_column][\/vc_row][vc_row css=&#8221;.vc_custom_1550771129493{margin-top: 6% !important;padding-bottom: 10% !important;}&#8221;][vc_column width=&#8221;1\/3&#8243;]                        <div class=\"  \">\n                <div class=\"banner-shortcode-wrapper style_1 \">\n    <div class=\"banner-content-wrapper\">\n                    <a href=\"https:\/\/grupoanimacion.webs.upv.es\/elcinedeperezarroyo\/publicidad-levante\/\" target=\"_self\">\n                                    <img decoding=\"async\" src=\"https:\/\/grupoanimacion.webs.upv.es\/elcinedeperezarroyo\/wp-content\/uploads\/2018\/10\/6.-Noche-de-circo-1943.jpg\" alt=\"Publicidad Levante\">\n                        <div class=\"banner-content-inner\">\n                <div class=\"banner-content\">\n                                            <h1 class=\"banner-title\">Publicidad Levante<\/h1>\n                                    <\/div>\n            <\/div>\n                    <\/a>\n            <\/div>\n<\/div>            <\/div>\n                    [\/vc_column][vc_column width=&#8221;1\/3&#8243;]                        <div class=\"  \">\n                <div class=\"banner-shortcode-wrapper style_1 \">\n    <div class=\"banner-content-wrapper\">\n                    <a href=\"https:\/\/grupoanimacion.webs.upv.es\/elcinedeperezarroyo\/cifesa\/\" target=\"_self\">\n                                    <img decoding=\"async\" src=\"https:\/\/grupoanimacion.webs.upv.es\/elcinedeperezarroyo\/wp-content\/uploads\/2018\/10\/4.-Quinito-na\u0301ufrago-1943-1.jpg\" alt=\"Cifesa\">\n                        <div class=\"banner-content-inner\">\n                <div class=\"banner-content\">\n                                            <h1 class=\"banner-title\">Cifesa<\/h1>\n                                    <\/div>\n            <\/div>\n                    <\/a>\n            <\/div>\n<\/div>            <\/div>\n                    [\/vc_column][vc_column width=&#8221;1\/3&#8243;]                        <div class=\"  \">\n                <div class=\"banner-shortcode-wrapper style_1 \">\n    <div class=\"banner-content-wrapper\">\n                    <a href=\"https:\/\/grupoanimacion.webs.upv.es\/elcinedeperezarroyo\/passa\/\" target=\"_self\">\n                                    <img decoding=\"async\" src=\"https:\/\/grupoanimacion.webs.upv.es\/elcinedeperezarroyo\/wp-content\/uploads\/2018\/10\/6.-Noche-de-circo-1943-RECORTE.jpg\" alt=\"Passa\">\n                        <div class=\"banner-content-inner\">\n                <div class=\"banner-content\">\n                                            <h1 class=\"banner-title\">Passa<\/h1>\n                                    <\/div>\n            <\/div>\n                    <\/a>\n            <\/div>\n<\/div>            <\/div>\n                    [\/vc_column][\/vc_row]<\/p>\n<\/div>","protected":false},"excerpt":{"rendered":"<p>[vc_row][vc_column][vc_custom_heading source=&#8221;post_title&#8221; font_container=&#8221;tag:h2|font_size:100|text_align:center&#8221; google_fonts=&#8221;font_family:Playfair%20Display%3Aregular%2Citalic%2C700%2C700italic%2C900%2C900italic|font_style:900%20bold%20regular%3A900%3Anormal&#8221; css_animation=&#8221;fadeInUp&#8221; css=&#8221;.vc_custom_1540546668914{padding-top: 10% !important;padding-bottom: 10% !important;}&#8221;][\/vc_column][\/vc_row][vc_row el_class=&#8221;responsive-banner-home1&#8243;][vc_column width=&#8221;1\/2&#8243; css=&#8221;.vc_custom_1540634863109{padding-top: 20% !important;}&#8221;][vc_custom_heading heading_style=&#8221;heading_style_1&#8243; text=&#8221;P\u00e9rez Arroyo en la gran pantalla&#8221; use_theme_fonts=&#8221;yes&#8221; css=&#8221;.vc_custom_1540635274049{padding-left: 15% !important;}&#8221;][vc_row_inner el_class=&#8221;banner-home-1-2&#8243;][vc_column_inner][vc_single_image image=&#8221;2204&#8243; img_size=&#8221;large&#8221; css=&#8221;.vc_custom_1550771093428{padding-top: 20% !important;}&#8221;][vc_custom_heading heading_style=&#8221;heading_style_2&#8243; text=&#8221;Portada de la &#8220;Memoria de producci\u00f3n&#8220; (Joaqu\u00edn P\u00e9rez Arroyo, 1944)&#8221; font_container=&#8221;tag:h6|text_align:right|color:%23000000&#8243; google_fonts=&#8221;font_family:Lato%3A100%2C100italic%2C300%2C300italic%2Cregular%2Citalic%2C700%2C700italic%2C900%2C900italic|font_style:300%20light%20regular%3A300%3Anormal&#8221;][\/vc_column_inner][\/vc_row_inner][\/vc_column][vc_column width=&#8221;1\/2&#8243; css=&#8221;.vc_custom_1540635228793{padding-top: 60% !important;}&#8221;][vc_column_text css=&#8221;.vc_custom_1592569749353{padding-right: 15% !important;}&#8221;]La andadura cinematogr\u00e1fica del [&hellip;]<\/p>\n","protected":false},"author":4,"featured_media":1872,"parent":0,"menu_order":0,"comment_status":"closed","ping_status":"closed","template":"","meta":{"footnotes":""},"class_list":["post-2202","page","type-page","status-publish","has-post-thumbnail","hentry","clearfix"],"yoast_head":"<!-- This site is optimized with the Yoast SEO plugin v27.5 - https:\/\/yoast.com\/product\/yoast-seo-wordpress\/ -->\n<title>35 mm - El cine de Perez Arroyo<\/title>\n<meta name=\"robots\" content=\"index, follow, max-snippet:-1, max-image-preview:large, max-video-preview:-1\" \/>\n<link rel=\"canonical\" href=\"https:\/\/grupoanimacion.webs.upv.es\/elcinedeperezarroyo\/35-mm\/\" \/>\n<meta property=\"og:locale\" content=\"es_ES\" \/>\n<meta property=\"og:type\" content=\"article\" \/>\n<meta property=\"og:title\" content=\"35 mm - El cine de Perez Arroyo\" \/>\n<meta property=\"og:description\" content=\"[vc_row][vc_column][vc_custom_heading source=&#8221;post_title&#8221; font_container=&#8221;tag:h2|font_size:100|text_align:center&#8221; google_fonts=&#8221;font_family:Playfair%20Display%3Aregular%2Citalic%2C700%2C700italic%2C900%2C900italic|font_style:900%20bold%20regular%3A900%3Anormal&#8221; css_animation=&#8221;fadeInUp&#8221; css=&#8221;.vc_custom_1540546668914{padding-top: 10% !important;padding-bottom: 10% !important;}&#8221;][\/vc_column][\/vc_row][vc_row el_class=&#8221;responsive-banner-home1&#8243;][vc_column width=&#8221;1\/2&#8243; css=&#8221;.vc_custom_1540634863109{padding-top: 20% !important;}&#8221;][vc_custom_heading heading_style=&#8221;heading_style_1&#8243; text=&#8221;P\u00e9rez Arroyo en la gran pantalla&#8221; use_theme_fonts=&#8221;yes&#8221; css=&#8221;.vc_custom_1540635274049{padding-left: 15% !important;}&#8221;][vc_row_inner el_class=&#8221;banner-home-1-2&#8243;][vc_column_inner][vc_single_image image=&#8221;2204&#8243; img_size=&#8221;large&#8221; css=&#8221;.vc_custom_1550771093428{padding-top: 20% !important;}&#8221;][vc_custom_heading heading_style=&#8221;heading_style_2&#8243; text=&#8221;Portada de la &#8220;Memoria de producci\u00f3n&#8220; (Joaqu\u00edn P\u00e9rez Arroyo, 1944)&#8221; font_container=&#8221;tag:h6|text_align:right|color:%23000000&#8243; google_fonts=&#8221;font_family:Lato%3A100%2C100italic%2C300%2C300italic%2Cregular%2Citalic%2C700%2C700italic%2C900%2C900italic|font_style:300%20light%20regular%3A300%3Anormal&#8221;][\/vc_column_inner][\/vc_row_inner][\/vc_column][vc_column width=&#8221;1\/2&#8243; css=&#8221;.vc_custom_1540635228793{padding-top: 60% !important;}&#8221;][vc_column_text css=&#8221;.vc_custom_1592569749353{padding-right: 15% !important;}&#8221;]La andadura cinematogr\u00e1fica del [&hellip;]\" \/>\n<meta property=\"og:url\" content=\"https:\/\/grupoanimacion.webs.upv.es\/elcinedeperezarroyo\/35-mm\/\" \/>\n<meta property=\"og:site_name\" content=\"El cine de Perez Arroyo\" \/>\n<meta property=\"article:modified_time\" content=\"2020-06-19T12:29:14+00:00\" \/>\n<meta property=\"og:image\" content=\"https:\/\/grupoanimacion.webs.upv.es\/elcinedeperezarroyo\/wp-content\/uploads\/2018\/10\/Estudio-Pe\u0301rez-Arroyo-1943EDITADA-1024x636.jpg\" \/>\n\t<meta property=\"og:image:width\" content=\"1024\" \/>\n\t<meta property=\"og:image:height\" content=\"636\" \/>\n\t<meta property=\"og:image:type\" content=\"image\/jpeg\" \/>\n<meta name=\"twitter:card\" content=\"summary_large_image\" \/>\n<meta name=\"twitter:label1\" content=\"Tiempo de lectura\" \/>\n\t<meta name=\"twitter:data1\" content=\"3 minutos\" \/>\n<script type=\"application\/ld+json\" class=\"yoast-schema-graph\">{\"@context\":\"https:\\\/\\\/schema.org\",\"@graph\":[{\"@type\":\"WebPage\",\"@id\":\"https:\\\/\\\/grupoanimacion.webs.upv.es\\\/elcinedeperezarroyo\\\/35-mm\\\/\",\"url\":\"https:\\\/\\\/grupoanimacion.webs.upv.es\\\/elcinedeperezarroyo\\\/35-mm\\\/\",\"name\":\"35 mm - El cine de Perez Arroyo\",\"isPartOf\":{\"@id\":\"https:\\\/\\\/grupoanimacion.webs.upv.es\\\/elcinedeperezarroyo\\\/#website\"},\"primaryImageOfPage\":{\"@id\":\"https:\\\/\\\/grupoanimacion.webs.upv.es\\\/elcinedeperezarroyo\\\/35-mm\\\/#primaryimage\"},\"image\":{\"@id\":\"https:\\\/\\\/grupoanimacion.webs.upv.es\\\/elcinedeperezarroyo\\\/35-mm\\\/#primaryimage\"},\"thumbnailUrl\":\"https:\\\/\\\/grupoanimacion.webs.upv.es\\\/elcinedeperezarroyo\\\/wp-content\\\/uploads\\\/2018\\\/10\\\/Estudio-Pe\u0301rez-Arroyo-1943EDITADA.jpg\",\"datePublished\":\"2018-10-26T14:47:22+00:00\",\"dateModified\":\"2020-06-19T12:29:14+00:00\",\"breadcrumb\":{\"@id\":\"https:\\\/\\\/grupoanimacion.webs.upv.es\\\/elcinedeperezarroyo\\\/35-mm\\\/#breadcrumb\"},\"inLanguage\":\"es\",\"potentialAction\":[{\"@type\":\"ReadAction\",\"target\":[\"https:\\\/\\\/grupoanimacion.webs.upv.es\\\/elcinedeperezarroyo\\\/35-mm\\\/\"]}]},{\"@type\":\"ImageObject\",\"inLanguage\":\"es\",\"@id\":\"https:\\\/\\\/grupoanimacion.webs.upv.es\\\/elcinedeperezarroyo\\\/35-mm\\\/#primaryimage\",\"url\":\"https:\\\/\\\/grupoanimacion.webs.upv.es\\\/elcinedeperezarroyo\\\/wp-content\\\/uploads\\\/2018\\\/10\\\/Estudio-Pe\u0301rez-Arroyo-1943EDITADA.jpg\",\"contentUrl\":\"https:\\\/\\\/grupoanimacion.webs.upv.es\\\/elcinedeperezarroyo\\\/wp-content\\\/uploads\\\/2018\\\/10\\\/Estudio-Pe\u0301rez-Arroyo-1943EDITADA.jpg\",\"width\":6323,\"height\":3926},{\"@type\":\"BreadcrumbList\",\"@id\":\"https:\\\/\\\/grupoanimacion.webs.upv.es\\\/elcinedeperezarroyo\\\/35-mm\\\/#breadcrumb\",\"itemListElement\":[{\"@type\":\"ListItem\",\"position\":1,\"name\":\"Portada\",\"item\":\"https:\\\/\\\/grupoanimacion.webs.upv.es\\\/elcinedeperezarroyo\\\/\"},{\"@type\":\"ListItem\",\"position\":2,\"name\":\"35 mm\"}]},{\"@type\":\"WebSite\",\"@id\":\"https:\\\/\\\/grupoanimacion.webs.upv.es\\\/elcinedeperezarroyo\\\/#website\",\"url\":\"https:\\\/\\\/grupoanimacion.webs.upv.es\\\/elcinedeperezarroyo\\\/\",\"name\":\"El cine de Perez Arroyo\",\"description\":\"\",\"potentialAction\":[{\"@type\":\"SearchAction\",\"target\":{\"@type\":\"EntryPoint\",\"urlTemplate\":\"https:\\\/\\\/grupoanimacion.webs.upv.es\\\/elcinedeperezarroyo\\\/?s={search_term_string}\"},\"query-input\":{\"@type\":\"PropertyValueSpecification\",\"valueRequired\":true,\"valueName\":\"search_term_string\"}}],\"inLanguage\":\"es\"}]}<\/script>\n<!-- \/ Yoast SEO plugin. -->","yoast_head_json":{"title":"35 mm - El cine de Perez Arroyo","robots":{"index":"index","follow":"follow","max-snippet":"max-snippet:-1","max-image-preview":"max-image-preview:large","max-video-preview":"max-video-preview:-1"},"canonical":"https:\/\/grupoanimacion.webs.upv.es\/elcinedeperezarroyo\/35-mm\/","og_locale":"es_ES","og_type":"article","og_title":"35 mm - El cine de Perez Arroyo","og_description":"[vc_row][vc_column][vc_custom_heading source=&#8221;post_title&#8221; font_container=&#8221;tag:h2|font_size:100|text_align:center&#8221; google_fonts=&#8221;font_family:Playfair%20Display%3Aregular%2Citalic%2C700%2C700italic%2C900%2C900italic|font_style:900%20bold%20regular%3A900%3Anormal&#8221; css_animation=&#8221;fadeInUp&#8221; css=&#8221;.vc_custom_1540546668914{padding-top: 10% !important;padding-bottom: 10% !important;}&#8221;][\/vc_column][\/vc_row][vc_row el_class=&#8221;responsive-banner-home1&#8243;][vc_column width=&#8221;1\/2&#8243; css=&#8221;.vc_custom_1540634863109{padding-top: 20% !important;}&#8221;][vc_custom_heading heading_style=&#8221;heading_style_1&#8243; text=&#8221;P\u00e9rez Arroyo en la gran pantalla&#8221; use_theme_fonts=&#8221;yes&#8221; css=&#8221;.vc_custom_1540635274049{padding-left: 15% !important;}&#8221;][vc_row_inner el_class=&#8221;banner-home-1-2&#8243;][vc_column_inner][vc_single_image image=&#8221;2204&#8243; img_size=&#8221;large&#8221; css=&#8221;.vc_custom_1550771093428{padding-top: 20% !important;}&#8221;][vc_custom_heading heading_style=&#8221;heading_style_2&#8243; text=&#8221;Portada de la &#8220;Memoria de producci\u00f3n&#8220; (Joaqu\u00edn P\u00e9rez Arroyo, 1944)&#8221; font_container=&#8221;tag:h6|text_align:right|color:%23000000&#8243; google_fonts=&#8221;font_family:Lato%3A100%2C100italic%2C300%2C300italic%2Cregular%2Citalic%2C700%2C700italic%2C900%2C900italic|font_style:300%20light%20regular%3A300%3Anormal&#8221;][\/vc_column_inner][\/vc_row_inner][\/vc_column][vc_column width=&#8221;1\/2&#8243; css=&#8221;.vc_custom_1540635228793{padding-top: 60% !important;}&#8221;][vc_column_text css=&#8221;.vc_custom_1592569749353{padding-right: 15% !important;}&#8221;]La andadura cinematogr\u00e1fica del [&hellip;]","og_url":"https:\/\/grupoanimacion.webs.upv.es\/elcinedeperezarroyo\/35-mm\/","og_site_name":"El cine de Perez Arroyo","article_modified_time":"2020-06-19T12:29:14+00:00","og_image":[{"width":1024,"height":636,"url":"https:\/\/grupoanimacion.webs.upv.es\/elcinedeperezarroyo\/wp-content\/uploads\/2018\/10\/Estudio-Pe\u0301rez-Arroyo-1943EDITADA-1024x636.jpg","type":"image\/jpeg"}],"twitter_card":"summary_large_image","twitter_misc":{"Tiempo de lectura":"3 minutos"},"schema":{"@context":"https:\/\/schema.org","@graph":[{"@type":"WebPage","@id":"https:\/\/grupoanimacion.webs.upv.es\/elcinedeperezarroyo\/35-mm\/","url":"https:\/\/grupoanimacion.webs.upv.es\/elcinedeperezarroyo\/35-mm\/","name":"35 mm - El cine de Perez Arroyo","isPartOf":{"@id":"https:\/\/grupoanimacion.webs.upv.es\/elcinedeperezarroyo\/#website"},"primaryImageOfPage":{"@id":"https:\/\/grupoanimacion.webs.upv.es\/elcinedeperezarroyo\/35-mm\/#primaryimage"},"image":{"@id":"https:\/\/grupoanimacion.webs.upv.es\/elcinedeperezarroyo\/35-mm\/#primaryimage"},"thumbnailUrl":"https:\/\/grupoanimacion.webs.upv.es\/elcinedeperezarroyo\/wp-content\/uploads\/2018\/10\/Estudio-Pe\u0301rez-Arroyo-1943EDITADA.jpg","datePublished":"2018-10-26T14:47:22+00:00","dateModified":"2020-06-19T12:29:14+00:00","breadcrumb":{"@id":"https:\/\/grupoanimacion.webs.upv.es\/elcinedeperezarroyo\/35-mm\/#breadcrumb"},"inLanguage":"es","potentialAction":[{"@type":"ReadAction","target":["https:\/\/grupoanimacion.webs.upv.es\/elcinedeperezarroyo\/35-mm\/"]}]},{"@type":"ImageObject","inLanguage":"es","@id":"https:\/\/grupoanimacion.webs.upv.es\/elcinedeperezarroyo\/35-mm\/#primaryimage","url":"https:\/\/grupoanimacion.webs.upv.es\/elcinedeperezarroyo\/wp-content\/uploads\/2018\/10\/Estudio-Pe\u0301rez-Arroyo-1943EDITADA.jpg","contentUrl":"https:\/\/grupoanimacion.webs.upv.es\/elcinedeperezarroyo\/wp-content\/uploads\/2018\/10\/Estudio-Pe\u0301rez-Arroyo-1943EDITADA.jpg","width":6323,"height":3926},{"@type":"BreadcrumbList","@id":"https:\/\/grupoanimacion.webs.upv.es\/elcinedeperezarroyo\/35-mm\/#breadcrumb","itemListElement":[{"@type":"ListItem","position":1,"name":"Portada","item":"https:\/\/grupoanimacion.webs.upv.es\/elcinedeperezarroyo\/"},{"@type":"ListItem","position":2,"name":"35 mm"}]},{"@type":"WebSite","@id":"https:\/\/grupoanimacion.webs.upv.es\/elcinedeperezarroyo\/#website","url":"https:\/\/grupoanimacion.webs.upv.es\/elcinedeperezarroyo\/","name":"El cine de Perez Arroyo","description":"","potentialAction":[{"@type":"SearchAction","target":{"@type":"EntryPoint","urlTemplate":"https:\/\/grupoanimacion.webs.upv.es\/elcinedeperezarroyo\/?s={search_term_string}"},"query-input":{"@type":"PropertyValueSpecification","valueRequired":true,"valueName":"search_term_string"}}],"inLanguage":"es"}]}},"_links":{"self":[{"href":"https:\/\/grupoanimacion.webs.upv.es\/elcinedeperezarroyo\/wp-json\/wp\/v2\/pages\/2202","targetHints":{"allow":["GET"]}}],"collection":[{"href":"https:\/\/grupoanimacion.webs.upv.es\/elcinedeperezarroyo\/wp-json\/wp\/v2\/pages"}],"about":[{"href":"https:\/\/grupoanimacion.webs.upv.es\/elcinedeperezarroyo\/wp-json\/wp\/v2\/types\/page"}],"author":[{"embeddable":true,"href":"https:\/\/grupoanimacion.webs.upv.es\/elcinedeperezarroyo\/wp-json\/wp\/v2\/users\/4"}],"replies":[{"embeddable":true,"href":"https:\/\/grupoanimacion.webs.upv.es\/elcinedeperezarroyo\/wp-json\/wp\/v2\/comments?post=2202"}],"version-history":[{"count":76,"href":"https:\/\/grupoanimacion.webs.upv.es\/elcinedeperezarroyo\/wp-json\/wp\/v2\/pages\/2202\/revisions"}],"predecessor-version":[{"id":5008,"href":"https:\/\/grupoanimacion.webs.upv.es\/elcinedeperezarroyo\/wp-json\/wp\/v2\/pages\/2202\/revisions\/5008"}],"wp:featuredmedia":[{"embeddable":true,"href":"https:\/\/grupoanimacion.webs.upv.es\/elcinedeperezarroyo\/wp-json\/wp\/v2\/media\/1872"}],"wp:attachment":[{"href":"https:\/\/grupoanimacion.webs.upv.es\/elcinedeperezarroyo\/wp-json\/wp\/v2\/media?parent=2202"}],"curies":[{"name":"wp","href":"https:\/\/api.w.org\/{rel}","templated":true}]}}