{"id":3450,"date":"2018-12-06T19:09:31","date_gmt":"2018-12-06T19:09:31","guid":{"rendered":"http:\/\/grupoanimacion.upv.es\/elcinedeperezarroyo\/?page_id=3450"},"modified":"2021-03-08T11:14:11","modified_gmt":"2021-03-08T11:14:11","slug":"pequeno-ekler","status":"publish","type":"page","link":"https:\/\/grupoanimacion.webs.upv.es\/elcinedeperezarroyo\/proyectores\/pequeno-ekler\/","title":{"rendered":"Peque\u00f1o Ekler"},"content":{"rendered":"<div class=\"wpb-content-wrapper\"><p>[vc_row css_animation=&#8221;wpb_fadeIn&#8221; duration=&#8221;2&#8243;][vc_column][vc_custom_heading heading_style=&#8221;heading_style_1&#8243; source=&#8221;post_title&#8221; font_container=&#8221;tag:h2|font_size:100|text_align:center&#8221; use_theme_fonts=&#8221;yes&#8221; css_animation=&#8221;fadeInUp&#8221; css=&#8221;.vc_custom_1540542937771{padding-top: 10% !important;padding-bottom: 10% !important;}&#8221;][\/vc_column][\/vc_row][vc_row css=&#8221;.vc_custom_1500867681847{padding-top: 3% !important;padding-bottom: 6% !important;}&#8221;][vc_column width=&#8221;1\/3&#8243; css=&#8221;.vc_custom_1543491267144{padding-top: 20% !important;}&#8221;]                        <div class=\"  \">\n                <div class=\"banner-shortcode-wrapper style_7 \">\n    <div class=\"banner-content-wrapper\">\n                    <a href=\"#\" target=\"_self\">\n                                    <img decoding=\"async\" src=\"https:\/\/grupoanimacion.webs.upv.es\/elcinedeperezarroyo\/wp-content\/uploads\/2018\/11\/2.-Pequen\u0303o-Ekler-1.jpg\" alt=\"\">\n                        <div class=\"banner-content-inner\">\n                <div class=\"banner-content\">\n                                    <\/div>\n            <\/div>\n                    <\/a>\n            <\/div>\n<\/div>            <\/div>\n                    [vc_custom_heading heading_style=&#8221;heading_style_2&#8243; text=&#8221;Proyector Peque\u00f1o Ekler&#8221; font_container=&#8221;tag:h6|text_align:right|color:%23000000&#8243; use_theme_fonts=&#8221;yes&#8221;][\/vc_column][vc_column width=&#8221;2\/3&#8243; css=&#8221;.vc_custom_1543491249008{padding-left: 10% !important;}&#8221;][vc_column_text css=&#8221;.vc_custom_1610121294638{padding-right: 15% !important;}&#8221;]El <strong>Peque\u00f1o Ekler<\/strong>, de dise\u00f1o y dimensiones exactas al Cine BB III, se diferenciaba, aparte de por el color, por incorporar una mejora en el mecanismo de arrastre. As\u00ed, a \u00e9ste se le hab\u00eda a\u00f1adido un obturador que se desplazaba conjuntamente con la pel\u00edcula para despu\u00e9s retroceder, cubriendo los espacios entre fotogramas de la pel\u00edcula. Adem\u00e1s, solo permit\u00eda el sentido de avance, por lo que se evitaban posibles roturas debido a un uso poco ortodoxo. \u00a0Es decir, a parte de evitar los destellos de luz blanca y mantener delimitada la ventanilla de proyecci\u00f3n, se alargaba la duraci\u00f3n de las pel\u00edculas.<\/p>\n<p>Sin embargo, a pesar de compartir formas y cat\u00e1logo con el anterior Cine BB, al no existir documento alguno, no podemos asegurar su paternidad. Pero, debido precisamente al mecanismo descrito y a su aplicaci\u00f3n posterior en otros aparatos alumbrados en el c\u00edrculo familiar, nos inclinamos a pensar que pudo ser obra de Alfredo Roig Cangr\u00f3s y\/o de su hijo Alfredo Roig Crespo, en la que ser\u00eda la primera aportaci\u00f3n de \u00e9ste al dise\u00f1o de proyectores y que al poco completar\u00eda con hasta tres aparatos m\u00e1s.<\/p>\n<p>Lo que parece seguro es que el nombre de Peque\u00f1o Ekler, responde a una traslaci\u00f3n fon\u00e9tica de la famosa marca francesa cinematogr\u00e1fica \u201cEclair\u201d (el rel\u00e1mpago), y que el afrancesado Roig Cangr\u00f3s a bien seguro conoc\u00eda.[\/vc_column_text][\/vc_column][\/vc_row][vc_row][vc_column width=&#8221;2\/3&#8243;][\/vc_column][vc_column width=&#8221;1\/3&#8243;][\/vc_column][\/vc_row][vc_row][vc_column width=&#8221;2\/3&#8243;][vc_custom_heading heading_style=&#8221;heading_style_1&#8243; text=&#8221;&#8220;Un cine en cada hogar&#8220;&#8221; use_theme_fonts=&#8221;yes&#8221;][vc_column_text css=&#8221;.vc_custom_1615199446303{padding-right: 15% !important;}&#8221;]De este aparato hemos podido constatar dos versiones a partir del mecanismo de arrastre pero que en nada afectan al aspecto exterior del proyector. As\u00ed, en la segunda de ellas se puede apreciar que el retroceso del obturador m\u00f3vil se ha sofisticado al a\u00f1adir un muelle de recuperaci\u00f3n. El caso es que \u00e9sta \u00faltima versi\u00f3n la veremos trasladada por entero al futuro Proyector Ekler, cuya patente firmar\u00eda Alfredo Roig Crespo en 1955, lo que nos invita a pensar en la participaci\u00f3n de este dise\u00f1ador, por lo menos, en esta segunda versi\u00f3n del Peque\u00f1o Ekler.[\/vc_column_text][\/vc_column][vc_column width=&#8221;1\/3&#8243;]                        <div class=\"  \">\n                <div class=\"banner-shortcode-wrapper style_7 \">\n    <div class=\"banner-content-wrapper\">\n                    <a href=\"#\" target=\"_self\">\n                                    <img decoding=\"async\" src=\"https:\/\/grupoanimacion.webs.upv.es\/elcinedeperezarroyo\/wp-content\/uploads\/2019\/01\/1.-Caja-Ekler.jpg\" alt=\"\">\n                        <div class=\"banner-content-inner\">\n                <div class=\"banner-content\">\n                                    <\/div>\n            <\/div>\n                    <\/a>\n            <\/div>\n<\/div>            <\/div>\n                    [vc_custom_heading heading_style=&#8221;heading_style_2&#8243; text=&#8221;Caja de pel\u00edcula para proyectores Ekler&#8221; font_container=&#8221;tag:h6|text_align:right|color:%23000000&#8243; use_theme_fonts=&#8221;yes&#8221;][\/vc_column][\/vc_row][vc_row][vc_column css=&#8221;.vc_custom_1543494447009{padding-top: 10% !important;padding-bottom: 5% !important;}&#8221;][vc_custom_heading heading_style=&#8221;heading_style_1&#8243; text=&#8221;Las pel\u00edculas&#8221; font_container=&#8221;tag:h2|text_align:center&#8221; use_theme_fonts=&#8221;yes&#8221;][vc_column_text css=&#8221;.vc_custom_1615201384612{padding-right: 15% !important;}&#8221;]Como coment\u00e1bamos, el listado de pel\u00edculas animadas era el mismo que el del Cine BB I y se complementaba con los t\u00edtulos de autor\u00eda desconocida <em>Blancanieves y el enanito Burl\u00f3n<\/em> y <em>Tiempos prehist\u00f3ricos<\/em> (en dos partes). Tambi\u00e9n se ofertaban una serie de t\u00edtulos de imagen real de tem\u00e1tica taurina, deportiva, c\u00f3mica, as\u00ed como documental -donde continuamos suponiendo la participaci\u00f3n de P\u00e9rez Arroyo- recogidos todos bajo el cat\u00e1logo de \u201cExclusivas Ekler\u201d. La caja contenedora de estas pel\u00edculas, en su parte trasera, compart\u00eda dise\u00f1o con las de JAM Films (Juan Andreu Moragues Films) por lo que suponemos que para las labores de tiraje se segu\u00eda contando con la participaci\u00f3n de laboratorios Andreu.[\/vc_column_text][vc_separator][\/vc_column][\/vc_row][vc_row][vc_column css=&#8221;.vc_custom_1543494447009{padding-top: 10% !important;padding-bottom: 5% !important;}&#8221;]                        <div class=\"  \">\n                <div class=\"banner-shortcode-wrapper style_7 \">\n    <div class=\"banner-content-wrapper\">\n                    <a href=\"#\" target=\"_self\">\n                                    <img decoding=\"async\" src=\"https:\/\/grupoanimacion.webs.upv.es\/elcinedeperezarroyo\/wp-content\/uploads\/2021\/03\/Low-IMG_015.jpg\" alt=\"\">\n                        <div class=\"banner-content-inner\">\n                <div class=\"banner-content\">\n                                    <\/div>\n            <\/div>\n                    <\/a>\n            <\/div>\n<\/div>            <\/div>\n                    [vc_custom_heading heading_style=&#8221;heading_style_2&#8243; text=&#8221;Bolet\u00edn n\u00famero 1 Ekler&#8221; font_container=&#8221;tag:h6|text_align:right|color:%23000000&#8243; use_theme_fonts=&#8221;yes&#8221;][vc_separator][\/vc_column][\/vc_row][vc_row][vc_column][\/vc_column][\/vc_row]<\/p>\n<\/div>","protected":false},"excerpt":{"rendered":"<p>[vc_row css_animation=&#8221;wpb_fadeIn&#8221; duration=&#8221;2&#8243;][vc_column][vc_custom_heading heading_style=&#8221;heading_style_1&#8243; source=&#8221;post_title&#8221; font_container=&#8221;tag:h2|font_size:100|text_align:center&#8221; use_theme_fonts=&#8221;yes&#8221; css_animation=&#8221;fadeInUp&#8221; css=&#8221;.vc_custom_1540542937771{padding-top: 10% !important;padding-bottom: 10% !important;}&#8221;][\/vc_column][\/vc_row][vc_row css=&#8221;.vc_custom_1500867681847{padding-top: 3% !important;padding-bottom: 6% !important;}&#8221;][vc_column width=&#8221;1\/3&#8243; css=&#8221;.vc_custom_1543491267144{padding-top: 20% !important;}&#8221;][vc_custom_heading heading_style=&#8221;heading_style_2&#8243; text=&#8221;Proyector Peque\u00f1o Ekler&#8221; font_container=&#8221;tag:h6|text_align:right|color:%23000000&#8243; use_theme_fonts=&#8221;yes&#8221;][\/vc_column][vc_column width=&#8221;2\/3&#8243; css=&#8221;.vc_custom_1543491249008{padding-left: 10% !important;}&#8221;][vc_column_text css=&#8221;.vc_custom_1610121294638{padding-right: 15% !important;}&#8221;]El Peque\u00f1o Ekler, de dise\u00f1o y dimensiones exactas al Cine BB III, se diferenciaba, aparte de por el color, por incorporar [&hellip;]<\/p>\n","protected":false},"author":2,"featured_media":1872,"parent":1964,"menu_order":0,"comment_status":"closed","ping_status":"closed","template":"","meta":{"footnotes":""},"class_list":["post-3450","page","type-page","status-publish","has-post-thumbnail","hentry","clearfix"],"yoast_head":"<!-- This site is optimized with the Yoast SEO plugin v27.5 - https:\/\/yoast.com\/product\/yoast-seo-wordpress\/ -->\n<title>Peque\u00f1o Ekler - El cine de Perez Arroyo<\/title>\n<meta name=\"robots\" content=\"index, follow, max-snippet:-1, max-image-preview:large, max-video-preview:-1\" \/>\n<link rel=\"canonical\" href=\"https:\/\/grupoanimacion.webs.upv.es\/elcinedeperezarroyo\/proyectores\/pequeno-ekler\/\" \/>\n<meta property=\"og:locale\" content=\"es_ES\" \/>\n<meta property=\"og:type\" content=\"article\" \/>\n<meta property=\"og:title\" content=\"Peque\u00f1o Ekler - El cine de Perez Arroyo\" \/>\n<meta property=\"og:description\" content=\"[vc_row css_animation=&#8221;wpb_fadeIn&#8221; duration=&#8221;2&#8243;][vc_column][vc_custom_heading heading_style=&#8221;heading_style_1&#8243; source=&#8221;post_title&#8221; font_container=&#8221;tag:h2|font_size:100|text_align:center&#8221; use_theme_fonts=&#8221;yes&#8221; css_animation=&#8221;fadeInUp&#8221; css=&#8221;.vc_custom_1540542937771{padding-top: 10% !important;padding-bottom: 10% !important;}&#8221;][\/vc_column][\/vc_row][vc_row css=&#8221;.vc_custom_1500867681847{padding-top: 3% !important;padding-bottom: 6% !important;}&#8221;][vc_column width=&#8221;1\/3&#8243; css=&#8221;.vc_custom_1543491267144{padding-top: 20% !important;}&#8221;][vc_custom_heading heading_style=&#8221;heading_style_2&#8243; text=&#8221;Proyector Peque\u00f1o Ekler&#8221; font_container=&#8221;tag:h6|text_align:right|color:%23000000&#8243; use_theme_fonts=&#8221;yes&#8221;][\/vc_column][vc_column width=&#8221;2\/3&#8243; css=&#8221;.vc_custom_1543491249008{padding-left: 10% !important;}&#8221;][vc_column_text css=&#8221;.vc_custom_1610121294638{padding-right: 15% !important;}&#8221;]El Peque\u00f1o Ekler, de dise\u00f1o y dimensiones exactas al Cine BB III, se diferenciaba, aparte de por el color, por incorporar [&hellip;]\" \/>\n<meta property=\"og:url\" content=\"https:\/\/grupoanimacion.webs.upv.es\/elcinedeperezarroyo\/proyectores\/pequeno-ekler\/\" \/>\n<meta property=\"og:site_name\" content=\"El cine de Perez Arroyo\" \/>\n<meta property=\"article:modified_time\" content=\"2021-03-08T11:14:11+00:00\" \/>\n<meta property=\"og:image\" content=\"https:\/\/grupoanimacion.webs.upv.es\/elcinedeperezarroyo\/wp-content\/uploads\/2018\/10\/Estudio-Pe\u0301rez-Arroyo-1943EDITADA-1024x636.jpg\" \/>\n\t<meta property=\"og:image:width\" content=\"1024\" \/>\n\t<meta property=\"og:image:height\" content=\"636\" \/>\n\t<meta property=\"og:image:type\" content=\"image\/jpeg\" \/>\n<meta name=\"twitter:card\" content=\"summary_large_image\" \/>\n<meta name=\"twitter:label1\" content=\"Tiempo de lectura\" \/>\n\t<meta name=\"twitter:data1\" content=\"4 minutos\" \/>\n<script type=\"application\/ld+json\" class=\"yoast-schema-graph\">{\"@context\":\"https:\\\/\\\/schema.org\",\"@graph\":[{\"@type\":\"WebPage\",\"@id\":\"https:\\\/\\\/grupoanimacion.webs.upv.es\\\/elcinedeperezarroyo\\\/proyectores\\\/pequeno-ekler\\\/\",\"url\":\"https:\\\/\\\/grupoanimacion.webs.upv.es\\\/elcinedeperezarroyo\\\/proyectores\\\/pequeno-ekler\\\/\",\"name\":\"Peque\u00f1o Ekler - El cine de Perez Arroyo\",\"isPartOf\":{\"@id\":\"https:\\\/\\\/grupoanimacion.webs.upv.es\\\/elcinedeperezarroyo\\\/#website\"},\"primaryImageOfPage\":{\"@id\":\"https:\\\/\\\/grupoanimacion.webs.upv.es\\\/elcinedeperezarroyo\\\/proyectores\\\/pequeno-ekler\\\/#primaryimage\"},\"image\":{\"@id\":\"https:\\\/\\\/grupoanimacion.webs.upv.es\\\/elcinedeperezarroyo\\\/proyectores\\\/pequeno-ekler\\\/#primaryimage\"},\"thumbnailUrl\":\"https:\\\/\\\/grupoanimacion.webs.upv.es\\\/elcinedeperezarroyo\\\/wp-content\\\/uploads\\\/2018\\\/10\\\/Estudio-Pe\u0301rez-Arroyo-1943EDITADA.jpg\",\"datePublished\":\"2018-12-06T19:09:31+00:00\",\"dateModified\":\"2021-03-08T11:14:11+00:00\",\"breadcrumb\":{\"@id\":\"https:\\\/\\\/grupoanimacion.webs.upv.es\\\/elcinedeperezarroyo\\\/proyectores\\\/pequeno-ekler\\\/#breadcrumb\"},\"inLanguage\":\"es\",\"potentialAction\":[{\"@type\":\"ReadAction\",\"target\":[\"https:\\\/\\\/grupoanimacion.webs.upv.es\\\/elcinedeperezarroyo\\\/proyectores\\\/pequeno-ekler\\\/\"]}]},{\"@type\":\"ImageObject\",\"inLanguage\":\"es\",\"@id\":\"https:\\\/\\\/grupoanimacion.webs.upv.es\\\/elcinedeperezarroyo\\\/proyectores\\\/pequeno-ekler\\\/#primaryimage\",\"url\":\"https:\\\/\\\/grupoanimacion.webs.upv.es\\\/elcinedeperezarroyo\\\/wp-content\\\/uploads\\\/2018\\\/10\\\/Estudio-Pe\u0301rez-Arroyo-1943EDITADA.jpg\",\"contentUrl\":\"https:\\\/\\\/grupoanimacion.webs.upv.es\\\/elcinedeperezarroyo\\\/wp-content\\\/uploads\\\/2018\\\/10\\\/Estudio-Pe\u0301rez-Arroyo-1943EDITADA.jpg\",\"width\":6323,\"height\":3926},{\"@type\":\"BreadcrumbList\",\"@id\":\"https:\\\/\\\/grupoanimacion.webs.upv.es\\\/elcinedeperezarroyo\\\/proyectores\\\/pequeno-ekler\\\/#breadcrumb\",\"itemListElement\":[{\"@type\":\"ListItem\",\"position\":1,\"name\":\"Portada\",\"item\":\"https:\\\/\\\/grupoanimacion.webs.upv.es\\\/elcinedeperezarroyo\\\/\"},{\"@type\":\"ListItem\",\"position\":2,\"name\":\"Proyectores\",\"item\":\"https:\\\/\\\/grupoanimacion.webs.upv.es\\\/elcinedeperezarroyo\\\/proyectores\\\/\"},{\"@type\":\"ListItem\",\"position\":3,\"name\":\"Peque\u00f1o Ekler\"}]},{\"@type\":\"WebSite\",\"@id\":\"https:\\\/\\\/grupoanimacion.webs.upv.es\\\/elcinedeperezarroyo\\\/#website\",\"url\":\"https:\\\/\\\/grupoanimacion.webs.upv.es\\\/elcinedeperezarroyo\\\/\",\"name\":\"El cine de Perez Arroyo\",\"description\":\"\",\"potentialAction\":[{\"@type\":\"SearchAction\",\"target\":{\"@type\":\"EntryPoint\",\"urlTemplate\":\"https:\\\/\\\/grupoanimacion.webs.upv.es\\\/elcinedeperezarroyo\\\/?s={search_term_string}\"},\"query-input\":{\"@type\":\"PropertyValueSpecification\",\"valueRequired\":true,\"valueName\":\"search_term_string\"}}],\"inLanguage\":\"es\"}]}<\/script>\n<!-- \/ Yoast SEO plugin. -->","yoast_head_json":{"title":"Peque\u00f1o Ekler - El cine de Perez Arroyo","robots":{"index":"index","follow":"follow","max-snippet":"max-snippet:-1","max-image-preview":"max-image-preview:large","max-video-preview":"max-video-preview:-1"},"canonical":"https:\/\/grupoanimacion.webs.upv.es\/elcinedeperezarroyo\/proyectores\/pequeno-ekler\/","og_locale":"es_ES","og_type":"article","og_title":"Peque\u00f1o Ekler - El cine de Perez Arroyo","og_description":"[vc_row css_animation=&#8221;wpb_fadeIn&#8221; duration=&#8221;2&#8243;][vc_column][vc_custom_heading heading_style=&#8221;heading_style_1&#8243; source=&#8221;post_title&#8221; font_container=&#8221;tag:h2|font_size:100|text_align:center&#8221; use_theme_fonts=&#8221;yes&#8221; css_animation=&#8221;fadeInUp&#8221; css=&#8221;.vc_custom_1540542937771{padding-top: 10% !important;padding-bottom: 10% !important;}&#8221;][\/vc_column][\/vc_row][vc_row css=&#8221;.vc_custom_1500867681847{padding-top: 3% !important;padding-bottom: 6% !important;}&#8221;][vc_column width=&#8221;1\/3&#8243; css=&#8221;.vc_custom_1543491267144{padding-top: 20% !important;}&#8221;][vc_custom_heading heading_style=&#8221;heading_style_2&#8243; text=&#8221;Proyector Peque\u00f1o Ekler&#8221; font_container=&#8221;tag:h6|text_align:right|color:%23000000&#8243; use_theme_fonts=&#8221;yes&#8221;][\/vc_column][vc_column width=&#8221;2\/3&#8243; css=&#8221;.vc_custom_1543491249008{padding-left: 10% !important;}&#8221;][vc_column_text css=&#8221;.vc_custom_1610121294638{padding-right: 15% !important;}&#8221;]El Peque\u00f1o Ekler, de dise\u00f1o y dimensiones exactas al Cine BB III, se diferenciaba, aparte de por el color, por incorporar [&hellip;]","og_url":"https:\/\/grupoanimacion.webs.upv.es\/elcinedeperezarroyo\/proyectores\/pequeno-ekler\/","og_site_name":"El cine de Perez Arroyo","article_modified_time":"2021-03-08T11:14:11+00:00","og_image":[{"width":1024,"height":636,"url":"https:\/\/grupoanimacion.webs.upv.es\/elcinedeperezarroyo\/wp-content\/uploads\/2018\/10\/Estudio-Pe\u0301rez-Arroyo-1943EDITADA-1024x636.jpg","type":"image\/jpeg"}],"twitter_card":"summary_large_image","twitter_misc":{"Tiempo de lectura":"4 minutos"},"schema":{"@context":"https:\/\/schema.org","@graph":[{"@type":"WebPage","@id":"https:\/\/grupoanimacion.webs.upv.es\/elcinedeperezarroyo\/proyectores\/pequeno-ekler\/","url":"https:\/\/grupoanimacion.webs.upv.es\/elcinedeperezarroyo\/proyectores\/pequeno-ekler\/","name":"Peque\u00f1o Ekler - El cine de Perez Arroyo","isPartOf":{"@id":"https:\/\/grupoanimacion.webs.upv.es\/elcinedeperezarroyo\/#website"},"primaryImageOfPage":{"@id":"https:\/\/grupoanimacion.webs.upv.es\/elcinedeperezarroyo\/proyectores\/pequeno-ekler\/#primaryimage"},"image":{"@id":"https:\/\/grupoanimacion.webs.upv.es\/elcinedeperezarroyo\/proyectores\/pequeno-ekler\/#primaryimage"},"thumbnailUrl":"https:\/\/grupoanimacion.webs.upv.es\/elcinedeperezarroyo\/wp-content\/uploads\/2018\/10\/Estudio-Pe\u0301rez-Arroyo-1943EDITADA.jpg","datePublished":"2018-12-06T19:09:31+00:00","dateModified":"2021-03-08T11:14:11+00:00","breadcrumb":{"@id":"https:\/\/grupoanimacion.webs.upv.es\/elcinedeperezarroyo\/proyectores\/pequeno-ekler\/#breadcrumb"},"inLanguage":"es","potentialAction":[{"@type":"ReadAction","target":["https:\/\/grupoanimacion.webs.upv.es\/elcinedeperezarroyo\/proyectores\/pequeno-ekler\/"]}]},{"@type":"ImageObject","inLanguage":"es","@id":"https:\/\/grupoanimacion.webs.upv.es\/elcinedeperezarroyo\/proyectores\/pequeno-ekler\/#primaryimage","url":"https:\/\/grupoanimacion.webs.upv.es\/elcinedeperezarroyo\/wp-content\/uploads\/2018\/10\/Estudio-Pe\u0301rez-Arroyo-1943EDITADA.jpg","contentUrl":"https:\/\/grupoanimacion.webs.upv.es\/elcinedeperezarroyo\/wp-content\/uploads\/2018\/10\/Estudio-Pe\u0301rez-Arroyo-1943EDITADA.jpg","width":6323,"height":3926},{"@type":"BreadcrumbList","@id":"https:\/\/grupoanimacion.webs.upv.es\/elcinedeperezarroyo\/proyectores\/pequeno-ekler\/#breadcrumb","itemListElement":[{"@type":"ListItem","position":1,"name":"Portada","item":"https:\/\/grupoanimacion.webs.upv.es\/elcinedeperezarroyo\/"},{"@type":"ListItem","position":2,"name":"Proyectores","item":"https:\/\/grupoanimacion.webs.upv.es\/elcinedeperezarroyo\/proyectores\/"},{"@type":"ListItem","position":3,"name":"Peque\u00f1o Ekler"}]},{"@type":"WebSite","@id":"https:\/\/grupoanimacion.webs.upv.es\/elcinedeperezarroyo\/#website","url":"https:\/\/grupoanimacion.webs.upv.es\/elcinedeperezarroyo\/","name":"El cine de Perez Arroyo","description":"","potentialAction":[{"@type":"SearchAction","target":{"@type":"EntryPoint","urlTemplate":"https:\/\/grupoanimacion.webs.upv.es\/elcinedeperezarroyo\/?s={search_term_string}"},"query-input":{"@type":"PropertyValueSpecification","valueRequired":true,"valueName":"search_term_string"}}],"inLanguage":"es"}]}},"_links":{"self":[{"href":"https:\/\/grupoanimacion.webs.upv.es\/elcinedeperezarroyo\/wp-json\/wp\/v2\/pages\/3450","targetHints":{"allow":["GET"]}}],"collection":[{"href":"https:\/\/grupoanimacion.webs.upv.es\/elcinedeperezarroyo\/wp-json\/wp\/v2\/pages"}],"about":[{"href":"https:\/\/grupoanimacion.webs.upv.es\/elcinedeperezarroyo\/wp-json\/wp\/v2\/types\/page"}],"author":[{"embeddable":true,"href":"https:\/\/grupoanimacion.webs.upv.es\/elcinedeperezarroyo\/wp-json\/wp\/v2\/users\/2"}],"replies":[{"embeddable":true,"href":"https:\/\/grupoanimacion.webs.upv.es\/elcinedeperezarroyo\/wp-json\/wp\/v2\/comments?post=3450"}],"version-history":[{"count":47,"href":"https:\/\/grupoanimacion.webs.upv.es\/elcinedeperezarroyo\/wp-json\/wp\/v2\/pages\/3450\/revisions"}],"predecessor-version":[{"id":4073,"href":"https:\/\/grupoanimacion.webs.upv.es\/elcinedeperezarroyo\/wp-json\/wp\/v2\/pages\/3450\/revisions\/4073"}],"up":[{"embeddable":true,"href":"https:\/\/grupoanimacion.webs.upv.es\/elcinedeperezarroyo\/wp-json\/wp\/v2\/pages\/1964"}],"wp:featuredmedia":[{"embeddable":true,"href":"https:\/\/grupoanimacion.webs.upv.es\/elcinedeperezarroyo\/wp-json\/wp\/v2\/media\/1872"}],"wp:attachment":[{"href":"https:\/\/grupoanimacion.webs.upv.es\/elcinedeperezarroyo\/wp-json\/wp\/v2\/media?parent=3450"}],"curies":[{"name":"wp","href":"https:\/\/api.w.org\/{rel}","templated":true}]}}